{"id":749,"date":"2024-11-12T10:06:33","date_gmt":"2024-11-12T09:06:33","guid":{"rendered":"https:\/\/demo.ajkraut.de\/?page_id=749"},"modified":"2025-06-01T11:08:31","modified_gmt":"2025-06-01T09:08:31","slug":"vita-variante-2","status":"publish","type":"page","link":"https:\/\/ajkraut.de\/?page_id=749","title":{"rendered":"Vita"},"content":{"rendered":"<div class=\"bm-builder clearfix \"><div id=\"\" class=\"module col-12 module-id-1732738920569\" data-module-col=\"12\"><div class=\"module-inside text-inside\" style=\"--top-mod: 0px;--bottom-mod: 0px;--top-mod-t: 0px;--bottom-mod-t: 0px;--top-mod-m:0px;--bottom-mod-m:0px;\" ><div class=\"text_block_out\"  data-effect=\"standard\" style=\"\"><div class=\"text_block ux-mod-nobg\"><div class=\"text_block_inn\"><div id=\"text-1732738920569\" class=\"text_block_centered text_block_centered_enable_width\"  style=\"\"><h1><span style=\"font-size: 16px;\">Alexander Johannes Kraut<\/span><\/h1>\n<p><span style=\"font-size: 16px;\">geb. 1965 in Bernbeuren<\/span><\/p>\n<p><span style=\"font-size: 16px;\">lebt in Bernbeuren<\/span><\/p>\n<p>&nbsp;<\/p>\n<p>&nbsp;<\/p>\n<h1><span style=\"font-size: 16px;\"><b>1982\u20131985&nbsp;<\/b><\/span><\/h1>\n<p><span style=\"font-size: 16px;\">Ausbildung zum Kraftfahrzeugmechaniker<\/span><\/p>\n<h1><br><span style=\"font-size: 16px;\"><b>1985 \u2013 1989<\/b><\/span><\/h1>\n<p><span style=\"font-size: 16px;\">Berufsfachschule f\u00fcr Holzbildhauer, Oberammergau<\/span><\/p>\n<h1><br><span style=\"font-size: 16px;\"><b>1<\/b><b>990\u20131997<\/b><\/span><\/h1>\n<p><span style=\"font-size: 16px;\">Studium an der Staatlichen Akademie der Bildenden K\u00fcnste Stuttgart<\/span><\/p>\n<p><span style=\"font-size: 16px;\">bei Prof. Rudolf Schoofs und Prof. Marianne Eigenheer<\/span><\/p>\n<h1><br><span style=\"font-size: 16px;\"><b>1998<\/b><\/span><\/h1>\n<p><span style=\"font-size: 16px;\">Graduiertenstipendium des Landes Baden-W\u00fcrttemberg<\/span><\/p>\n<h1><br><span style=\"font-size: 16px;\"><b>1999<\/b><\/span><\/h1>\n<p><span style=\"font-size: 16px;\">DAAD Aufstockungsstipendium f\u00fcr New York<\/span><\/p>\n<h1><br><span style=\"font-size: 16px;\">2000<\/span><\/h1>\n<p><span style=\"font-size: 16px;\">F\u00f6rderung der Golart-Stiftung M\u00fcnchen<\/span><\/p>\n<h1><br><span style=\"font-size: 16px;\">2001<\/span><\/h1>\n<p><span style=\"font-size: 16px;\">Lehrauftrag f\u00fcr Zeichnung, Fachhochschule f\u00fcr Gestaltung, Pforzheim<\/span><br><span style=\"font-size: 16px;\">Erster Preis Linolschnitt Heute V, St\u00e4dtische Galerie Bietigheim-Bissingen<\/span><\/p>\n<h1><br><span style=\"font-size: 16px;\">2002<\/span><\/h1>\n<p><span style=\"font-size: 16px;\">Gastlehrauftrag an der Escuela Nacional de Artes Plasticas\/UNAM, Mexico City<\/span><\/p>\n<h1><br><span style=\"font-size: 16px;\">2004<\/span><\/h1>\n<p><span style=\"font-size: 16px;\">Cit\u00e9 Internationale des Arts, Paris<\/span><\/p>\n<h1><br><span style=\"font-size: 16px;\">2007<\/span><\/h1>\n<p><span style=\"font-size: 16px;\">Artist Residency in Yaddo, Saratoga Springs, New York<\/span><\/p>\n<h1><br><span style=\"font-size: 16px;\">2010<\/span><\/h1>\n<p><span style=\"font-size: 16px;\">Lehrauftrag f\u00fcr Zeichnung an der Technischen Universit\u00e4t Dortmund<\/span><\/p>\n<p><span style=\"font-size: 16px;\">Gast der Casa Zia Lina, Elba, Stiftung Dr. Robert und Lina Thyll-D\u00fcrr<\/span><\/p>\n<p>&nbsp;<\/p>\n<h1><span style=\"font-size: 16px;\">2012<\/span><\/h1>\n<p><span style=\"font-size: 16px;\">Karl R\u00f6ssing-Reisestipendium, Bayerische Akademie der Sch\u00f6nen K\u00fcnste<\/span><\/p>\n<p><span style=\"font-size: 16px;\">(Lissabon und Ilha de Fogo, Kapverdische Inseln)<\/span><\/p><\/div><\/div><\/div><\/div><\/div><\/div><div id=\"\" class=\"module col-12 module-id-1731402408167\" data-module-col=\"12\"><div class=\"module-inside accordion-inside\" style=\"--top-mod: 80px;--bottom-mod: 0px;--top-mod-t: 80px;--bottom-mod-t: 0px;--top-mod-m:40px;--bottom-mod-m:0px;\" ><div class=\"sea-accordion\" data-acc-id=\"acc-1731402408167\" style=\"--fontsizeAccTit: 16px;--fontsizeAccTitT: 16px;--fontsizeAccTitM: 14px;--lineHeightAccTit: 1.5;--letterSpacingAccTit: normal;\"><div class=\"sea-accordion-item\" ><h2 class=\"accordion-tit\"><button class=\"accordion-btn\" type=\"button\" style=\"\">Einzelausstellungen (Auswahl)<\/button><\/h2><div class=\"accordion-con\">\r\n\t\t \t\t\t\t<div class=\"accordion-in\"> \r\n\t\t \t\t\t\t<h1><span style=\"font-size: 16px\">2005<\/span><\/h1>\n<p><span style=\"font-size: 16px\"> \u201aLivre des Images\u2019, Galerie Marianne Grob, Berlin <\/span><br \/><span style=\"font-size: 16px\">One Man Show, Art Cologne, Galerie Marianne Grob<\/span><\/p>\n<h1><br \/><span style=\"font-size: 16px\">2006<\/span><\/h1>\n<p><span style=\"font-size: 16px\">Galerie Thron, Reutlingen<\/span><\/p>\n<h1><br \/><span style=\"font-size: 16px\">2007<\/span><\/h1>\n<p><span style=\"font-size: 16px\">Galerie Zum Wei\u00dfen Einhorn, Klatovy\/Klenova, Tschechien<\/span><\/p>\n<h1><br \/><span style=\"font-size: 16px\">2008<\/span><\/h1>\n<p><span style=\"font-size: 16px\">Galerie Marianne Grob, Berlin<\/span><\/p>\n<h1><br \/><span style=\"font-size: 16px\">2011<\/span><\/h1>\n<p><span style=\"font-size: 16px\">Verein f\u00fcr Originalradierung, M\u00fcnchen<\/span><\/p>\n<h1><br \/><span style=\"font-size: 16px\">2013<\/span><\/h1>\n<p><span style=\"font-size: 16px\">Zeichenperformance mit dem Pianisten Martin Reiter, Porgy and Bess, Wien<\/span><\/p>\n<h1><br \/><span style=\"font-size: 16px\">2014<\/span><\/h1>\n<p><span style=\"font-size: 16px\">'Tagundnachtgleiche' Bayerische Akademie der Sch\u00f6nen K\u00fcnste, M\u00fcnchen <\/span><br \/><span style=\"font-size: 16px\">St\u00e4dtische Galerie Reutlingen<\/span><\/p>\n<h1><br \/><span style=\"font-size: 16px\">2015<\/span><\/h1>\n<p><span style=\"font-size: 16px\">Galerie Marianne Grob, Basel<\/span><\/p>\n<h1><br \/><span style=\"font-size: 16px\">2017<\/span><\/h1>\n<p><span style=\"font-size: 16px\">Kunsthandel Marion Grcic-Ziersch, M\u00fcnchen<\/span><\/p>\n<h1><br \/><span style=\"font-size: 16px\">2020<\/span><\/h1>\n<p><span style=\"font-size: 16px\">Galerie Marianne Grob, Basel<\/span><\/p>\n<h1><br \/><span style=\"font-size: 16px\">2021<\/span><\/h1>\n<p><span style=\"font-size: 16px\">Kunstverein Kronach<\/span><\/p>\n<h1><br \/><span style=\"font-size: 16px\">2023<\/span><\/h1>\n<p><span style=\"font-size: 16px\">Galerie 13, Freising<\/span><\/p>\r\n      \t\t\t\t\t<\/div>\r\n    \t\t\t\t <\/div><\/div><div class=\"sea-accordion-item\" ><h2 class=\"accordion-tit\"><button class=\"accordion-btn\" type=\"button\" style=\"\">Gruppenausstellungen (Auswahl)<\/button><\/h2><div class=\"accordion-con\">\r\n\t\t \t\t\t\t<div class=\"accordion-in\"> \r\n\t\t \t\t\t\t<h1><span style=\"font-size: 16px\">1997<\/span><\/h1>\n<p><span style=\"font-size: 16px\">\u201aSchwarz\/Wei\u00df IV\u2019, Galerie Marianne Grob, Berlin <\/span><br \/><span style=\"font-size: 16px\">Nationale der Zeichnung, Augsburg<\/span><\/p>\n<p><span style=\"font-size: 16px\">\u201a11 Positionen-Zeichnung\u2019, Hans-Thoma Gesellschaft\/Kunstverein Reutlingen<\/span><\/p>\n<h1><br \/><span style=\"font-size: 16px\">1998<\/span><\/h1>\n<p><span style=\"font-size: 16px\">Sammlung Walther Groz, St\u00e4dtische Galerie Albstadt<\/span><\/p>\n<h1><br \/><span style=\"font-size: 16px\">1999<\/span><\/h1>\n<p><span style=\"font-size: 16px\">\u201aMorir Sonando\u2019, Varick 76, New York<\/span><\/p>\n<h1><br \/><span style=\"font-size: 16px\">2000<\/span><\/h1>\n<p><span style=\"font-size: 16px\">\u201aGut aufgelegt\u2019 Griffelkunstvereinigung , Kunsthaus Hamburg<\/span><\/p>\n<h1><br \/><span style=\"font-size: 16px\">2001<\/span><\/h1>\n<p><span style=\"font-size: 16px\">\u201aLinolschnitt heute VI\u2019, (1.Preis) St\u00e4dt. Galerie Bietigheim-Bissingen<\/span><\/p>\n<h1><br \/><span style=\"font-size: 16px\">2002<\/span><\/h1>\n<p><span style=\"font-size: 16px\">\u201aArtist Books\u2019, Holland Tunnel Art Projects, Williamsburg, New York<\/span><\/p>\n<h1><br \/><span style=\"font-size: 16px\">2003<\/span><\/h1>\n<p><span style=\"font-size: 16px\">\u201aGrafos y Senales\u2019, Museo de la Estampa, Mexico City<\/span><\/p>\n<h1><br \/><span style=\"font-size: 16px\">2006<\/span><\/h1>\n<p><span style=\"font-size: 16px\"> \u201aFolge der Linie\u2019, Rosgartenmuseum\/Wessenberggalerie, Konstanz<\/span><\/p>\n<h1><br \/><span style=\"font-size: 16px\">2009<\/span><\/h1>\n<p><span style=\"font-size: 16px\">\u201aDie Gegenwart der Linie\u2019, Pinakothek der Moderne, M\u00fcnchen<\/span><\/p>\r\n      \t\t\t\t\t<\/div>\r\n    \t\t\t\t <\/div><\/div><div class=\"sea-accordion-item\" ><h2 class=\"accordion-tit\"><button class=\"accordion-btn\" type=\"button\" style=\"\">Arbeiten in \u00d6ffentlichen Sammlungen<\/button><\/h2><div class=\"accordion-con\">\r\n\t\t \t\t\t\t<div class=\"accordion-in\"> \r\n\t\t \t\t\t\t<ul>\n<li><span style=\"color: #000000\"><span style=\"font-family: Calibri Light, serif\">Herzog Anton Ulrich Museum, Braunschweig<\/span><\/span><\/li>\n<li><span style=\"color: #000000\"><span style=\"font-family: Calibri Light, serif\"><span lang=\"en-US\">Harvard \/ Reisinger Art Museums, Cambridge MA<\/span><\/span><\/span><\/li>\n<li><span style=\"color: #000000\"><span style=\"font-family: Calibri Light, serif\"><span lang=\"en-US\">(Gift of Sarah-Ann and Wynn Kramarsky, New York)<\/span><\/span><\/span><\/li>\n<li><span style=\"color: #000000\"><span style=\"font-family: Calibri Light, serif\">Staatliche Graphische Sammlung M\u00fcnchen<\/span><\/span><\/li>\n<li><span style=\"color: #000000\"><span style=\"font-family: Calibri Light, serif\">Museum der Bildenden K\u00fcnste, Leipzig<\/span><\/span><\/li>\n<li><span style=\"color: #000000\"><span style=\"font-family: Calibri Light, serif\">Sammlung Deutsche Bank, Berlin<\/span><\/span><\/li>\n<li><span style=\"color: #000000\"><span style=\"font-family: Calibri Light, serif\">Staatliche Graphische Sammlung Albertina, Dresden<\/span><\/span><\/li>\n<li><span style=\"color: #000000\"><span style=\"font-family: Calibri Light, serif\">Sammlung der St\u00e4dtischen Galerie Bietigheim-Bissingen<\/span><\/span><\/li>\n<li><span style=\"color: #000000\"><span style=\"font-family: Calibri Light, serif\">St\u00e4dtische Galerie Albstadt \/ Sammlung Walther Groz<\/span><\/span><\/li>\n<li><a name=\"_GoBack\"><\/a> <span style=\"color: #000000\"><span style=\"font-family: Calibri Light, serif\">Joseph Beuys Archiv, Moyland<\/span><\/span><\/li>\n<\/ul>\r\n      \t\t\t\t\t<\/div>\r\n    \t\t\t\t <\/div><\/div><div class=\"sea-accordion-item\" ><h2 class=\"accordion-tit\"><button class=\"accordion-btn\" type=\"button\" style=\"\">Bibliographie (E-Einzelausstellung, G-Gruppenausstellung) <\/button><\/h2><div class=\"accordion-con\">\r\n\t\t \t\t\t\t<div class=\"accordion-in\"> \r\n\t\t \t\t\t\t<ul>\n<li>\u201a<span style=\"font-family: Times New Roman, serif\"><span style=\"font-family: Calibri, serif\">Zeichnungen', Vorwort von Franz Joseph van der Grinten, Hrsg. Staatliche Akademie der Bildenden Ku\u0308nste Stuttgart 1994 (E)<br \/><\/span><\/span><\/li>\n<li>\u201a<span style=\"font-family: Times New Roman, serif\"><span style=\"font-family: Calibri, serif\">Kumulonimbus', Texte von Bernd Storz und Andrea Hofmann, Hrsg. Kunstverein Friedrichshafen, Hans Thoma-Gesellschaft Reutlinge 1999 (E)<\/span><\/span><\/li>\n<li>\u201a<span style=\"font-family: Times New Roman, serif\"><span style=\"font-family: Calibri, serif\">Alexander Johannes Kraut\u2019 , Schlo\u00df Kapfenburg, Texte Gabriele Kleiber und A.J.Kraut<br \/>Hrsg. Staatliche Schlo\u0308sser und Ga\u0308rten Baden-Wu\u0308rttemberg 2001 (E)<\/span><\/span><\/li>\n<li><span style=\"font-family: Times New Roman, serif\"><span style=\"font-family: Calibri, serif\">'linolschnitt heute VI', Text zum 1. Preis von Uwe Haupenthal, Hrsg. Sta\u0308dtische Galerie Bietigheim-Bissingen 2001 (G)<\/span><\/span><\/li>\n<li>\u201a<span style=\"font-family: Times New Roman, serif\"><span style=\"font-family: Calibri, serif\">Ein Bildhandbuch\u2019 \u2013 Staatliche Graphische Sammlung Mu\u0308nchen, Hrsg. Staatliche Graphische Sammlung Mu\u0308nchen zur Ero\u0308ffnung der Pinakothek der Moderne 2002<\/span><\/span><\/li>\n<li>\u201a<span style=\"font-family: Times New Roman, serif\"><span style=\"font-family: Calibri, serif\">Garten der Pfade, die sich verzweigen\u2019, Texte von Uwe Haupenthal und A.J.Kraut,<br \/>Hrsg. Sta\u0308dtische Galerie Bietigheim-Bissingen 2004 (E)<\/span><\/span><\/li>\n<li>\u201a<span style=\"font-family: Times New Roman, serif\"><span style=\"font-family: Calibri, serif\">Alexander Johannes Kraut \u2013 edice grafika\u2019 , Katalog Linoldrucke, Texte von Martin Fiser und A.J.Kraut, Galerie \u201aZum Wei\u00dfen Einhorn\u2019,Klatovy\/Klenova\u0300, 2006 (E)<\/span><\/span><\/li>\n<li><span style=\"font-family: Times New Roman, serif\"><span style=\"font-family: Calibri, serif\">'Ku\u0308nstler zeichnen - Sammler stiften - 250 Jahre Staatliche Graphische Sammlung\u2019, Hrsg. <\/span><span style=\"font-family: Calibri, serif\"><span lang=\"en-US\">Staatliche Graphische Sammlung Mu\u0308nchen 2008<\/span><\/span><\/span><\/li>\n<li>\u201a<span style=\"font-family: Times New Roman, serif\"><span style=\"font-family: Calibri, serif\"><span lang=\"en-US\">560 Broadway \u2013 A New York drawing collection at work\u2019, Collection of Sara-Ann and Werner Kramarsky; Hrsg. <\/span><\/span><span style=\"font-family: Calibri, serif\">Fifth Floor Foundation, New York 2008<\/span><\/span><\/li>\n<li>\u201a<span style=\"font-family: Times New Roman, serif\"><span style=\"font-family: Calibri, serif\">Die Gegenwart der Linie\u2019, Pinakothek der Moderne, Hrsg. Staatliche Graphische Sammlung Mu\u0308nchen 2009 (G)<\/span><\/span><\/li>\n<li>\u201a<span style=\"font-family: Times New Roman, serif\"><span style=\"font-family: Calibri, serif\">4.Biennale der Zeichnung \u2013 innenaussen\u2019 Hrsg. Kunstverein Eislingen 2010 (G)<\/span><\/span><\/li>\n<li>\u201a<span style=\"font-family: Times New Roman, serif\"><span style=\"font-family: Calibri, serif\">Adam und E\u2019 \u2013 Buchprojekt 2011, Stiftung Dr. Robert und Lina Thyll, Du\u0308rr, Schweiz (E) -<\/span><\/span><\/li>\n<li><span style=\"font-family: Times New Roman, serif\"><span style=\"font-family: Calibri, serif\">Tagundnachtgleiche\u2019, Hrsg. Morat Institut fu\u0308r Kunst und Kunstwissenschaften Freiburg, Texte von Rudolphe Gasche\u0301, Peter Lodermeyer und A.J.Kraut, Revolververlag Berlin 2013 (E) <\/span><\/span><\/li>\n<li>\u201a<span style=\"font-family: Times New Roman, serif\"><span style=\"font-family: Calibri, serif\">Feldverzeichnis\u2019 \u2013 Vitirineninstallation im Morat Institut fu\u0308r Kunst und Kunstwissenschaften, Text von Katja Pfrommer, Hrsg. Morat Institut, Freiburg i. Breisgau 2013 (E)<\/span><\/span><\/li>\n<li>\u201a<span style=\"font-family: Times New Roman, serif\"><span style=\"font-family: Calibri, serif\">Linien \u2013 Musik des Sichtbaren\u2019 Festschrift fu\u0308r Michael Semff, Hrsg. Deutscher Kunstverlag Berlin\/Mu\u0308nchen 2015 <\/span><\/span><\/li>\n<\/ul>\r\n      \t\t\t\t\t<\/div>\r\n    \t\t\t\t <\/div><\/div><\/div><\/div><\/div><\/div>","protected":false},"excerpt":{"rendered":"<p>Alexander Johannes Kraut geb. 1965 in Bernbeuren lebt in Bernbeuren &hellip;<\/p>\n","protected":false},"author":1,"featured_media":0,"parent":0,"menu_order":0,"comment_status":"closed","ping_status":"closed","template":"","meta":{"footnotes":""},"class_list":["post-749","page","type-page","status-publish","hentry"],"_links":{"self":[{"href":"https:\/\/ajkraut.de\/index.php?rest_route=\/wp\/v2\/pages\/749","targetHints":{"allow":["GET"]}}],"collection":[{"href":"https:\/\/ajkraut.de\/index.php?rest_route=\/wp\/v2\/pages"}],"about":[{"href":"https:\/\/ajkraut.de\/index.php?rest_route=\/wp\/v2\/types\/page"}],"author":[{"embeddable":true,"href":"https:\/\/ajkraut.de\/index.php?rest_route=\/wp\/v2\/users\/1"}],"replies":[{"embeddable":true,"href":"https:\/\/ajkraut.de\/index.php?rest_route=%2Fwp%2Fv2%2Fcomments&post=749"}],"version-history":[{"count":2,"href":"https:\/\/ajkraut.de\/index.php?rest_route=\/wp\/v2\/pages\/749\/revisions"}],"predecessor-version":[{"id":790,"href":"https:\/\/ajkraut.de\/index.php?rest_route=\/wp\/v2\/pages\/749\/revisions\/790"}],"wp:attachment":[{"href":"https:\/\/ajkraut.de\/index.php?rest_route=%2Fwp%2Fv2%2Fmedia&parent=749"}],"curies":[{"name":"wp","href":"https:\/\/api.w.org\/{rel}","templated":true}]}}